{"id":7057,"date":"2023-11-25T20:56:48","date_gmt":"2023-11-25T20:56:48","guid":{"rendered":"http:\/\/www.gezginilaclama.com\/?post_type=product&#038;p=7057"},"modified":"2023-11-27T20:09:48","modified_gmt":"2023-11-27T20:09:48","slug":"expel-pro-300","status":"publish","type":"product","link":"https:\/\/www.gezginilaclama.com\/?product=expel-pro-300","title":{"rendered":"Expel Pro 300 Fare Savar"},"content":{"rendered":"<div class=\"c534f9d9e63b7470x_reading\">\n<p>Ultrasonic sesler insan\u0131n duyamayaca\u011f\u0131 derecede y\u00fcksek frekanslardaki seslerdir.<\/p>\n<p><strong>Expel Pro 300 Teknik \u00d6zellikleri<\/strong><\/p>\n<div class=\"bcc93ac4a140e6c3x_product-detail-content-area\">\n<div>\n<div class=\"d827a9fa65a8b15ex_products_tabs_contents 44733be15e25546cx_active\">\n<p>1. Etki Alan\u0131 : Max. 300 m2 (yekpare)<br \/>\n2. \u00c7al\u0131\u015fma Prensibi: Ultrasonik ses<br \/>\n3. Elektrik T\u00fcketimi: 7 W<br \/>\n4. Frekans Aral\u0131\u011f\u0131: 30 kHz-55 kHz<br \/>\n5. Verici Ses Bas\u0131n\u00e7 Seviyesi (SPL) : &gt;114dB at 10v, 30cm (0dB=0.02mPa)<br \/>\n6. Verici kasas\u0131: Al\u00fcminyum<br \/>\n7. \u00c7al\u0131\u015fma voltaj\u0131: 220 \u2013 240 VAC, 50 \/60 Hz<br \/>\n8. A\u011f\u0131rl\u0131k: 140 Gr.<br \/>\n9. Ebatlar: 125mm x 90mm x42mm (Plastik Kutu \u00d6l\u00e7\u00fcleri)<br \/>\n10. Cihaz Kutusu: ABS plastik<br \/>\n11. Kutu rengi: Gri<br \/>\n12. Cihaz 7\/24 \u00e7al\u0131\u015f\u0131r<br \/>\n13. Verici hoparl\u00f6rler d\u0131\u015f ortamdaki manyetik giri\u015fimlerden etkilenmemek i\u00e7in al\u00fcminyum kasal\u0131d\u0131r. Vericiye el temas\u0131 halinde elektrik \u00e7arpmamas\u0131 i\u00e7in fiziksel korumal\u0131d\u0131r.<br \/>\n14. Cihaz\u0131 \u00e7al\u0131\u015ft\u0131rmak i\u00e7in buton basmaya gerek yoktur. Cihaz prize tak\u0131ld\u0131ktan sonra ledlerin yan\u0131p s\u00f6nmeye ba\u015flamas\u0131 cihaz\u0131n ultrasonic ses g\u00f6ndermeye ba\u015flad\u0131\u011f\u0131n\u0131 g\u00f6sterir.<br \/>\n15. Cihaz \u00fczerinde bulunan 2 ad led sayesinde sistemin \u00e7al\u0131\u015f\u0131r oldu\u011fu anla\u015f\u0131l\u0131r.<br \/>\n16. \u00c7al\u0131\u015fma esnas\u0131nda ledler yan\u0131p s\u00f6ner. S\u00fcrekli yanmas\u0131 ve hi\u00e7 yanmamas\u0131 ar\u0131zal\u0131 oldu\u011funu g\u00f6sterir<br \/>\n17. Cihaz\u0131n \u00e7al\u0131\u015fma prensibi ultrasonik ses yayma \u015feklindedir. \u2018\u2019Elektromanyetik Dalga \u00dcreteci\u2019\u2019 de\u011fildir. Tak\u0131l\u0131 oldu\u011fu prizde \/ hatta elektromanyetik alan olu\u015fturmaz. Herhangi bir parazitlenmeye neden olmaz.<br \/>\n18. Cihaz\u0131n \u00e7al\u0131\u015fan devresini muhafaza eden plastik kutu ABS plastiktir. Y\u00fcksek darbe mukavemetlidir. D\u00fc\u015f\u00fck s\u0131cakl\u0131k mukavemetlidir. Is\u0131 dayan\u0131m\u0131 ve hava \u015fartlar\u0131na kar\u015f\u0131 diren\u00e7lidir. Yanmazl\u0131k s\u0131n\u0131f\u0131 A \u2013 1<br \/>\n19. Cihaz kablosu 180 cm uzunlu\u011fundad\u0131r. TS EN <span class=\"wmi-callto\">50525-2-11<\/span> \/ H03VVH2-F belgelidir.<br \/>\n20. Cihaz CE belgelidir.<br \/>\n21. Cihaz \u00fccretsiz 2 y\u0131l teknik garantilidir. 10 y\u0131l s\u00fcre ile \u00fccretli servis ve yedek par\u00e7a garantilidir.<br \/>\n22. Cihaz\u0131n garanti s\u00fcresi i\u00e7erisinde, gerek malzeme ve i\u015f\u00e7ilik, gerekse imalat hatalar\u0131ndan dolay\u0131 ar\u0131zalanmas\u0131 halinde; i\u015f\u00e7ilik masraf\u0131, de\u011fi\u015ftirilen par\u00e7a bedeli veya ba\u015fka bir ad alt\u0131nda herhangi bir \u00fccret talep edilmeksizin tamiri yap\u0131lacakt\u0131r.<br \/>\n23. Cihaz\u0131n kullanma k\u0131lavuzuna ayk\u0131r\u0131 kullan\u0131m\u0131 veya do\u011fal afetler nedeniyle ar\u0131zalanmas\u0131; d\u00fc\u015fme, \u00e7arpa, delme, kesme vb. sonucu plastik kutusunu veya kablosunun zarar g\u00f6rmesi; garanti bant\u0131n\u0131n y\u0131rt\u0131lmas\u0131 halinde cihaz garanti kapsam\u0131 d\u0131\u015f\u0131ndad\u0131r.<\/p>\n<hr \/>\n<p><strong>Expel Pro 300 Nedir ve Ne \u0130\u00e7in Kullan\u0131l\u0131r?<\/strong><\/p>\n<p>Expel Pro 300 Ultrasonic Fare Savar; en fazla 300 metrekare yekpare (bir tek par\u00e7adan olu\u015fan, b\u00fct\u00fcn.) alanda fareleri ortamdan uzakla\u015ft\u0131rmak i\u00e7in kullan\u0131l\u0131r.<br \/>\nExpel Pro 300 fare t\u00fcrleri (la\u011f\u0131m s\u0131\u00e7an\u0131, tarla faresi, ev faresi, \u00e7at\u0131 faresi vb.) \u00fczerinde etkilidir.<br \/>\nExpel Pro 300\u2019 \u00fcn ultrasonic sesi, fareleri a\u015f\u0131r\u0131 derecede rahats\u0131z ederek onlar\u0131n sindirim, sinir ve \u00fcreme sistemlerini bozmakta; bar\u0131nmalar\u0131n\u0131 engellemektedir.<br \/>\n\u00d6rneklendirmek gerekirse; kapal\u0131 alanlarda kullan\u0131lan g\u00fcvenlik veya yang\u0131n alarmlar\u0131n\u0131 verebiliriz. Siren devreye girdi\u011finde ses bize ne kadar y\u00fcksek geliyorsa farelerde de cihaz\u0131n etkisi benzerdir.<br \/>\n<strong>Expel Pro 300 Ultrasonic Kullanmadan \u00d6nce Dikkat Edilmesi Gerekenler Nelerdir ?<\/strong><\/p>\n<ol>\n<li>Daha \u00f6nce alanda ba\u015fka uygulamalar denenmi\u015f ise mutlaka profesyonel bir destek isteyiniz. (sa\u011fl\u0131\u011f\u0131n\u0131z i\u00e7in ruhsatl\u0131 bir ila\u00e7lama firmas\u0131 olmal\u0131d\u0131r.)<\/li>\n<li>Ortamda a\u00e7\u0131k g\u0131da,su kayna\u011f\u0131 ve\/veya da\u011f\u0131n\u0131kl\u0131k varsa l\u00fctfen istif kurallar\u0131na uyunuz.<\/li>\n<li>Ortam temizli\u011fi yapmadan cihaz takmay\u0131n\u0131z. Fare d\u0131\u015fk\u0131lar\u0131n\u0131 temizleyiniz. Al\u0131nmas\u0131 gerekli olan fiziksel engeller varsa l\u00fctfen al\u0131n\u0131z.(\u00d6rne\u011fin direk d\u0131\u015far\u0131 a\u00e7\u0131lan delikler vb.)<\/li>\n<li>Cihaz konumland\u0131rmas\u0131 i\u00e7in uygun olan yer e\u011fer prizden uzakta ise l\u00fctfen gerekli kablo \u00e7ekim i\u015fini elektrik\u00e7iye tamamlat\u0131n\u0131z. Cihaz fi\u015fini keserek montaj yap\u0131lmas\u0131na engel olunuz, eviniz ve i\u015f yerinizde yang\u0131n riski olu\u015fmas\u0131na engel olunuz.<\/li>\n<\/ol>\n<p><strong>Expel Pro 300 Ultrasonic Faresavar Nas\u0131l Kullan\u0131l\u0131r?<\/strong><\/p>\n<ul>\n<li>Expel Pro 300 \u00f6n\u00fcnde bir engel olmayacak \u015fekilde (asla dolap, raf, koltuk arkalar\u0131na vb. monte etmeyiniz), pratik olarak tavan y\u00fcksekli\u011finin yar\u0131s\u0131 kadar y\u00fckse\u011fe duvara as\u0131lmal\u0131d\u0131r.<\/li>\n<li>Cihaz yerle\u015fimi i\u00e7in en uygun yer g\u00fcvenlik kameralar\u0131 ile paralellik g\u00f6sterir. Ortam\u0131 en iyi g\u00f6ren nokta do\u011fru montaj yeridir.<\/li>\n<li>G\u0131da deposu ve ar\u015fiv depolar\u0131 gibi \u00e7ok kalabal\u0131k alanlarda istifi kurallara uygun olarak palet \u00fczerinde uygun y\u00fcksekli\u011fe ve duvardan uygun a\u00e7\u0131kl\u0131\u011fa al\u0131n\u0131z.<\/li>\n<li>Ultrasonic seslerin t\u00fcm oday\u0131 sarabilmesi ve etkisinin kuvvetli olmas\u0131 i\u00e7in Expel Pro 300\u2019 \u00fcn nin kar\u015f\u0131 taraf\u0131nda sert y\u00fczeyler(duvar vb)olmas\u0131na dikkat ediniz.<\/li>\n<li>Fareler bar\u0131nd\u0131klar\u0131 b\u00f6lgede olu\u015fan olumsuz ya\u015fam \u015fartlar\u0131na diren\u00e7 g\u00f6stermektedirler. Ancak olumsuzlu\u011fun s\u00fcreklili\u011fi nedeniyle bu s\u00fcre genelde 1-2 hafta olmakla birlikte; ortam \u015fartlar\u0131na g\u00f6re 4 haftaya kadar uzayabilmektedir.<\/li>\n<li>Expel Pro 300 prize tak\u0131ld\u0131\u011f\u0131nda sinyal vermeye ba\u015flayan k\u0131rm\u0131z\u0131 \u0131\u015f\u0131k cihaz\u0131n uygun \u015fekilde \u00e7al\u0131\u015ft\u0131\u011f\u0131n\u0131 g\u00f6sterir.<\/li>\n<li>Expel Pro 300 s\u00fcrekli (7\/24) \u00e7al\u0131\u015ft\u0131r\u0131lmal\u0131d\u0131r.<\/li>\n<\/ul>\n<p><strong>Garanti S\u00fcreci<\/strong><\/p>\n<p>Expel Pro 300 imalat ve par\u00e7a hatalar\u0131na kar\u015f\u0131 2 (iki) y\u0131l garantilidir. Expel Pro 300 elektronik bir cihaz olup y\u0131llarca kullan\u0131labilir.<\/p>\n<\/div>\n<\/div>\n<\/div>\n<\/div>\n","protected":false},"excerpt":{"rendered":"<p>Expel Pro \u2013 F fare t\u00fcrleri (la\u011f\u0131m s\u0131\u00e7an\u0131, tarla faresi, ev faresi, \u00e7at\u0131 faresi vb.) \u00fczerinde etkilidir.<\/p>\n","protected":false},"featured_media":7075,"template":"","meta":[],"product_cat":[55],"product_tag":[],"class_list":{"0":"post-7057","1":"product","2":"type-product","3":"status-publish","4":"has-post-thumbnail","6":"product_cat-urunler","8":"first","9":"instock","10":"virtual","11":"product-type-simple"},"_links":{"self":[{"href":"https:\/\/www.gezginilaclama.com\/index.php?rest_route=\/wp\/v2\/product\/7057","targetHints":{"allow":["GET"]}}],"collection":[{"href":"https:\/\/www.gezginilaclama.com\/index.php?rest_route=\/wp\/v2\/product"}],"about":[{"href":"https:\/\/www.gezginilaclama.com\/index.php?rest_route=\/wp\/v2\/types\/product"}],"wp:featuredmedia":[{"embeddable":true,"href":"https:\/\/www.gezginilaclama.com\/index.php?rest_route=\/wp\/v2\/media\/7075"}],"wp:attachment":[{"href":"https:\/\/www.gezginilaclama.com\/index.php?rest_route=%2Fwp%2Fv2%2Fmedia&parent=7057"}],"wp:term":[{"taxonomy":"product_cat","embeddable":true,"href":"https:\/\/www.gezginilaclama.com\/index.php?rest_route=%2Fwp%2Fv2%2Fproduct_cat&post=7057"},{"taxonomy":"product_tag","embeddable":true,"href":"https:\/\/www.gezginilaclama.com\/index.php?rest_route=%2Fwp%2Fv2%2Fproduct_tag&post=7057"}],"curies":[{"name":"wp","href":"https:\/\/api.w.org\/{rel}","templated":true}]}}